{"id":9379,"date":"2019-07-23T15:44:06","date_gmt":"2019-07-23T13:44:06","guid":{"rendered":"https:\/\/medizentrum-eckert.de\/hno\/?page_id=9379"},"modified":"2019-08-26T09:35:24","modified_gmt":"2019-08-26T07:35:24","slug":"dr-med-sophie-eckert","status":"publish","type":"page","link":"https:\/\/medizentrum-eckert.de\/hno\/dr-med-sophie-eckert\/","title":{"rendered":"Dr. med. Sophie Eckert"},"content":{"rendered":"<p>[vc_row][vc_column][vc_single_image image=&#8220;1492&#8243; img_size=&#8220;full&#8220;][vc_column_text css=&#8220;.vc_custom_1565169980798{margin-bottom: 16px !important;}&#8220;]<\/p>\n<h3>Werdegang<\/h3>\n<p>[\/vc_column_text][vc_column_text]<\/p>\n<table>\n<colgroup>\n<col width=\"20%\" \/>\n<col width=\"80%\" \/> <\/colgroup>\n<tbody>\n<tr>\n<td>2001-2007<\/td>\n<td>Studium der Humanmedizin an der Universit\u00e4t Regensburg<\/td>\n<\/tr>\n<tr>\n<td>2008<\/td>\n<td>Promotion<\/td>\n<\/tr>\n<tr>\n<td>2008-2013<\/td>\n<td>Facharztweiterbildung zum Augenarzt in einer gro\u00dfen Praxisklinik in N\u00fcrnberg<\/td>\n<\/tr>\n<tr>\n<td>2009<\/td>\n<td>Hilfsprojekt in \u00c4thiopien<\/td>\n<\/tr>\n<tr>\n<td>2012<\/td>\n<td>Gr\u00fcndung Augenzentrum Eckert: B\u00f6blingen<\/td>\n<\/tr>\n<tr>\n<td>2012<\/td>\n<td>Hilfsprojekt in Indien<\/td>\n<\/tr>\n<tr>\n<td>2012<\/td>\n<td>Wahl zum Assistentenbeauftragten des BVA (Berufsverbandes f\u00fcr Augenheilkunde)<\/td>\n<\/tr>\n<tr>\n<td>2013<\/td>\n<td>Facharztpr\u00fcfung zum Facharzt f\u00fcr Augenheilkunde<\/td>\n<\/tr>\n<tr>\n<td>2013<\/td>\n<td>Hilfsprojekt in Indien f\u00fcr mehrere Monate<\/td>\n<\/tr>\n<tr>\n<td>2013<\/td>\n<td>Gr\u00fcndung Augenzentrum Eckert: Herrenberg<\/td>\n<\/tr>\n<tr>\n<td>2014<\/td>\n<td>Gr\u00fcndung Augenzentrum Eckert: Rottenburg<\/td>\n<\/tr>\n<tr>\n<td>2014<\/td>\n<td>Wahl zum Vorstandsmitglied des Augen\u00e4rztenetz Baden-W\u00fcrttemberg<\/td>\n<\/tr>\n<tr>\n<td>2015<\/td>\n<td>Gr\u00fcndung Augenzentrum Eckert: Neu-Ulm<\/td>\n<\/tr>\n<tr>\n<td>2016<\/td>\n<td>Gr\u00fcndung Augenzentrum Eckert: Ehingen<\/td>\n<\/tr>\n<tr>\n<td>2016<\/td>\n<td>Gr\u00fcndung Augenzentrum Eckert: Bad Saulgau<\/td>\n<\/tr>\n<tr>\n<td>2016<\/td>\n<td>Gr\u00fcndung Augenzentrum Eckert: Reutlingen<\/td>\n<\/tr>\n<tr>\n<td>2017<\/td>\n<td>Gr\u00fcndung Augenzentrum Eckert: Nigeria<\/td>\n<\/tr>\n<tr>\n<td>2017<\/td>\n<td>Gr\u00fcndung Augenzentrum Eckert: T\u00fcbingen<\/td>\n<\/tr>\n<tr>\n<td>2017<\/td>\n<td>Gr\u00fcndung Augenzentrum Eckert: Rheinstetten<\/td>\n<\/tr>\n<tr>\n<td>2017<\/td>\n<td>Einsetzen einer Presbia-Linse als eine der ersten Augenoperateure Deutschlands<\/td>\n<\/tr>\n<tr>\n<td>2018<\/td>\n<td>Gr\u00fcndung Augenzentrum Eckert: Ravensburg (jetzt: Weingarten)<\/td>\n<\/tr>\n<tr>\n<td>2018<\/td>\n<td>Gr\u00fcndung Augenzentrum Eckert: Altensteig MVZ mit Filiale Nagold<\/td>\n<\/tr>\n<tr>\n<td>2018<\/td>\n<td>Gr\u00fcndung Augenzentrum Eckert: Stuttgart-Zuffenhausen MVZ<\/td>\n<\/tr>\n<tr>\n<td>2019<\/td>\n<td>Gr\u00fcndung Augenzentrum Eckert: Filderstadt<\/td>\n<\/tr>\n<tr>\n<td>2019<\/td>\n<td>Gr\u00fcndung Augenzentrum Eckert: Giengen MVZ<\/td>\n<\/tr>\n<tr>\n<td>2019<\/td>\n<td>Gr\u00fcndung Augenzentrum Eckert: Dillingen MVZ<\/td>\n<\/tr>\n<tr>\n<td>2019<\/td>\n<td>Gr\u00fcndung Augenzentrum Eckert: Sigmaringen MVZ<\/td>\n<\/tr>\n<tr>\n<td>2019<\/td>\n<td>Gr\u00fcndung Augenzentrum Eckert: Riedlingen MVZ<\/td>\n<\/tr>\n<tr>\n<td>2019<\/td>\n<td>Gr\u00fcndung Augenzentrum Eckert: Freiburg MVZ<\/td>\n<\/tr>\n<\/tbody>\n<\/table>\n<p>[\/vc_column_text][vc_separator align=&#8220;align_left&#8220;][\/vc_column][\/vc_row][vc_row][vc_column][vc_column_text css=&#8220;.vc_custom_1474466595319{margin-bottom: 16px !important;}&#8220;]<\/p>\n<h3>Mitgliedschaften<\/h3>\n<p>[\/vc_column_text][vc_column_text]<\/p>\n<ul>\n<li>Berufsverband der Augen\u00e4rzte BVA<\/li>\n<li>Deutsche Ophthalmologische Gesellschaft DOG<\/li>\n<li>Bund der Deutschen Ophthalmochirurgen BDOC<\/li>\n<\/ul>\n<p>[\/vc_column_text][vc_separator align=&#8220;align_left&#8220;][\/vc_column][\/vc_row][vc_row][vc_column][vc_column_text css=&#8220;.vc_custom_1474466634558{margin-bottom: 16px !important;}&#8220;]<\/p>\n<h3>Schwerpunkte<\/h3>\n<p>[\/vc_column_text][vc_column_text]<\/p>\n<ul>\n<li>Kataraktchirurgie<\/li>\n<li>Makulaoperationen<\/li>\n<li>Lidchirurgie<\/li>\n<li>Sch\u00f6nheitschirurgische Eingriffe<\/li>\n<li>Spezialisierung auf Netzhautkrankheiten<\/li>\n<\/ul>\n<p>[\/vc_column_text][vc_separator align=&#8220;align_left&#8220;][\/vc_column][\/vc_row][vc_row][vc_column][vc_column_text css=&#8220;.vc_custom_1481102935863{margin-bottom: 16px !important;}&#8220;]<\/p>\n<h3>Zertifikate<\/h3>\n<p>[\/vc_column_text][vc_row_inner][vc_column_inner width=&#8220;1\/2&#8243;][vc_single_image image=&#8220;8638&#8243; img_size=&#8220;medium&#8220; onclick=&#8220;link_image&#8220;][\/vc_column_inner][vc_column_inner width=&#8220;1\/2&#8243;][vc_single_image image=&#8220;8639&#8243; img_size=&#8220;medium&#8220; onclick=&#8220;link_image&#8220;][\/vc_column_inner][vc_row_inner][\/vc_row_inner][\/vc_row_inner][vc_column_inner width=&#8220;1\/2&#8243;][vc_single_image image=&#8220;3751&#8243; img_size=&#8220;medium&#8220; alignment=&#8220;center&#8220; onclick=&#8220;link_image&#8220; image_hovers=&#8220;false&#8220; css=&#8220;.vc_custom_1491916869351{padding-top: 40px !important;}&#8220;][\/vc_column_inner][vc_column_inner width=&#8220;1\/2&#8243;][vc_single_image image=&#8220;3750&#8243; img_size=&#8220;medium&#8220; alignment=&#8220;center&#8220; onclick=&#8220;link_image&#8220; image_hovers=&#8220;false&#8220;][\/vc_column_inner][vc_column_inner width=&#8220;1\/2&#8243;][vc_single_image image=&#8220;8245&#8243; img_size=&#8220;medium&#8220; alignment=&#8220;center&#8220; onclick=&#8220;link_image&#8220; image_hovers=&#8220;false&#8220;][\/vc_column_inner][vc_column_inner width=&#8220;1\/2&#8243;][vc_single_image image=&#8220;4897&#8243; img_size=&#8220;medium&#8220; alignment=&#8220;center&#8220; onclick=&#8220;link_image&#8220; image_hovers=&#8220;false&#8220;][\/vc_column_inner][vc_column_inner width=&#8220;1\/2&#8243;][vc_single_image image=&#8220;4889&#8243; img_size=&#8220;medium&#8220; alignment=&#8220;center&#8220; onclick=&#8220;link_image&#8220; image_hovers=&#8220;false&#8220;][\/vc_column_inner][vc_column_inner width=&#8220;1\/2&#8243;][vc_single_image image=&#8220;4890&#8243; img_size=&#8220;medium&#8220; alignment=&#8220;center&#8220; onclick=&#8220;link_image&#8220; image_hovers=&#8220;false&#8220;][\/vc_column_inner][vc_column_inner width=&#8220;1\/2&#8243;][vc_single_image image=&#8220;4891&#8243; img_size=&#8220;medium&#8220; alignment=&#8220;center&#8220; onclick=&#8220;link_image&#8220; image_hovers=&#8220;false&#8220;][\/vc_column_inner][vc_column_inner width=&#8220;1\/2&#8243;][vc_single_image image=&#8220;8292&#8243; img_size=&#8220;200&#215;85&#8243; alignment=&#8220;center&#8220; onclick=&#8220;custom_link&#8220; link=&#8220;https:\/\/www.arzt-auskunft.de\/de\/informationen-fuer-aerzte\/dr-pro-bono.htm&#8220;][\/vc_column_inner][\/vc_column][\/vc_row][vc_row][vc_column][vc_column_text]<\/p>\n<p>&nbsp;<\/p>\n<p>[\/vc_column_text][\/vc_column][\/vc_row]<\/p>\n","protected":false},"excerpt":{"rendered":"<p>[vc_row][vc_column][vc_single_image image=&#8220;1492&#8243; img_size=&#8220;full&#8220;][vc_column_text css=&#8220;.vc_custom_1565169980798{margin-bottom: 16px !important;}&#8220;] Werdegang [\/vc_column_text][vc_column_text] 2001-2007 Studium der Humanmedizin an der Universit\u00e4t Regensburg 2008 Promotion 2008-2013 Facharztweiterbildung zum Augenarzt in einer gro\u00dfen Praxisklinik in N\u00fcrnberg 2009 Hilfsprojekt in \u00c4thiopien 2012 Gr\u00fcndung Augenzentrum Eckert: B\u00f6blingen 2012 Hilfsprojekt in Indien 2012 Wahl zum Assistentenbeauftragten des BVA (Berufsverbandes f\u00fcr Augenheilkunde) 2013 Facharztpr\u00fcfung zum Facharzt f\u00fcr&hellip;<\/p>\n","protected":false},"author":1,"featured_media":0,"parent":0,"menu_order":0,"comment_status":"closed","ping_status":"closed","template":"","meta":[],"yoast_head":"<!-- This site is optimized with the Yoast SEO plugin v20.2.1 - https:\/\/yoast.com\/wordpress\/plugins\/seo\/ -->\n<title>Dr. med. Sophie Eckert - HNO<\/title>\n<meta name=\"robots\" content=\"index, follow, max-snippet:-1, max-image-preview:large, max-video-preview:-1\" \/>\n<link rel=\"canonical\" href=\"https:\/\/medizentrum-eckert.de\/hno\/dr-med-sophie-eckert\/\" \/>\n<meta property=\"og:locale\" content=\"de_DE\" \/>\n<meta property=\"og:type\" content=\"article\" \/>\n<meta property=\"og:title\" content=\"Dr. med. Sophie Eckert - HNO\" \/>\n<meta property=\"og:description\" content=\"[vc_row][vc_column][vc_single_image image=&#8220;1492&#8243; img_size=&#8220;full&#8220;][vc_column_text css=&#8220;.vc_custom_1565169980798{margin-bottom: 16px !important;}&#8220;] Werdegang [\/vc_column_text][vc_column_text] 2001-2007 Studium der Humanmedizin an der Universit\u00e4t Regensburg 2008 Promotion 2008-2013 Facharztweiterbildung zum Augenarzt in einer gro\u00dfen Praxisklinik in N\u00fcrnberg 2009 Hilfsprojekt in \u00c4thiopien 2012 Gr\u00fcndung Augenzentrum Eckert: B\u00f6blingen 2012 Hilfsprojekt in Indien 2012 Wahl zum Assistentenbeauftragten des BVA (Berufsverbandes f\u00fcr Augenheilkunde) 2013 Facharztpr\u00fcfung zum Facharzt f\u00fcr&hellip;\" \/>\n<meta property=\"og:url\" content=\"https:\/\/medizentrum-eckert.de\/hno\/dr-med-sophie-eckert\/\" \/>\n<meta property=\"og:site_name\" content=\"HNO\" \/>\n<meta property=\"article:modified_time\" content=\"2019-08-26T07:35:24+00:00\" \/>\n<meta name=\"twitter:card\" content=\"summary_large_image\" \/>\n<meta name=\"twitter:label1\" content=\"Gesch\u00e4tzte Lesezeit\" \/>\n\t<meta name=\"twitter:data1\" content=\"3\u00a0Minuten\" \/>\n<script type=\"application\/ld+json\" class=\"yoast-schema-graph\">{\"@context\":\"https:\/\/schema.org\",\"@graph\":[{\"@type\":\"WebPage\",\"@id\":\"https:\/\/medizentrum-eckert.de\/hno\/dr-med-sophie-eckert\/\",\"url\":\"https:\/\/medizentrum-eckert.de\/hno\/dr-med-sophie-eckert\/\",\"name\":\"Dr. med. Sophie Eckert - HNO\",\"isPartOf\":{\"@id\":\"https:\/\/medizentrum-eckert.de\/hno\/#website\"},\"datePublished\":\"2019-07-23T13:44:06+00:00\",\"dateModified\":\"2019-08-26T07:35:24+00:00\",\"breadcrumb\":{\"@id\":\"https:\/\/medizentrum-eckert.de\/hno\/dr-med-sophie-eckert\/#breadcrumb\"},\"inLanguage\":\"de\",\"potentialAction\":[{\"@type\":\"ReadAction\",\"target\":[\"https:\/\/medizentrum-eckert.de\/hno\/dr-med-sophie-eckert\/\"]}]},{\"@type\":\"BreadcrumbList\",\"@id\":\"https:\/\/medizentrum-eckert.de\/hno\/dr-med-sophie-eckert\/#breadcrumb\",\"itemListElement\":[{\"@type\":\"ListItem\",\"position\":1,\"name\":\"Startseite\",\"item\":\"https:\/\/medizentrum-eckert.de\/hno\/\"},{\"@type\":\"ListItem\",\"position\":2,\"name\":\"Dr. med. Sophie Eckert\"}]},{\"@type\":\"WebSite\",\"@id\":\"https:\/\/medizentrum-eckert.de\/hno\/#website\",\"url\":\"https:\/\/medizentrum-eckert.de\/hno\/\",\"name\":\"HNO\",\"description\":\"\",\"potentialAction\":[{\"@type\":\"SearchAction\",\"target\":{\"@type\":\"EntryPoint\",\"urlTemplate\":\"https:\/\/medizentrum-eckert.de\/hno\/?s={search_term_string}\"},\"query-input\":\"required name=search_term_string\"}],\"inLanguage\":\"de\"}]}<\/script>\n<!-- \/ Yoast SEO plugin. -->","yoast_head_json":{"title":"Dr. med. Sophie Eckert - HNO","robots":{"index":"index","follow":"follow","max-snippet":"max-snippet:-1","max-image-preview":"max-image-preview:large","max-video-preview":"max-video-preview:-1"},"canonical":"https:\/\/medizentrum-eckert.de\/hno\/dr-med-sophie-eckert\/","og_locale":"de_DE","og_type":"article","og_title":"Dr. med. Sophie Eckert - HNO","og_description":"[vc_row][vc_column][vc_single_image image=&#8220;1492&#8243; img_size=&#8220;full&#8220;][vc_column_text css=&#8220;.vc_custom_1565169980798{margin-bottom: 16px !important;}&#8220;] Werdegang [\/vc_column_text][vc_column_text] 2001-2007 Studium der Humanmedizin an der Universit\u00e4t Regensburg 2008 Promotion 2008-2013 Facharztweiterbildung zum Augenarzt in einer gro\u00dfen Praxisklinik in N\u00fcrnberg 2009 Hilfsprojekt in \u00c4thiopien 2012 Gr\u00fcndung Augenzentrum Eckert: B\u00f6blingen 2012 Hilfsprojekt in Indien 2012 Wahl zum Assistentenbeauftragten des BVA (Berufsverbandes f\u00fcr Augenheilkunde) 2013 Facharztpr\u00fcfung zum Facharzt f\u00fcr&hellip;","og_url":"https:\/\/medizentrum-eckert.de\/hno\/dr-med-sophie-eckert\/","og_site_name":"HNO","article_modified_time":"2019-08-26T07:35:24+00:00","twitter_card":"summary_large_image","twitter_misc":{"Gesch\u00e4tzte Lesezeit":"3\u00a0Minuten"},"schema":{"@context":"https:\/\/schema.org","@graph":[{"@type":"WebPage","@id":"https:\/\/medizentrum-eckert.de\/hno\/dr-med-sophie-eckert\/","url":"https:\/\/medizentrum-eckert.de\/hno\/dr-med-sophie-eckert\/","name":"Dr. med. Sophie Eckert - HNO","isPartOf":{"@id":"https:\/\/medizentrum-eckert.de\/hno\/#website"},"datePublished":"2019-07-23T13:44:06+00:00","dateModified":"2019-08-26T07:35:24+00:00","breadcrumb":{"@id":"https:\/\/medizentrum-eckert.de\/hno\/dr-med-sophie-eckert\/#breadcrumb"},"inLanguage":"de","potentialAction":[{"@type":"ReadAction","target":["https:\/\/medizentrum-eckert.de\/hno\/dr-med-sophie-eckert\/"]}]},{"@type":"BreadcrumbList","@id":"https:\/\/medizentrum-eckert.de\/hno\/dr-med-sophie-eckert\/#breadcrumb","itemListElement":[{"@type":"ListItem","position":1,"name":"Startseite","item":"https:\/\/medizentrum-eckert.de\/hno\/"},{"@type":"ListItem","position":2,"name":"Dr. med. Sophie Eckert"}]},{"@type":"WebSite","@id":"https:\/\/medizentrum-eckert.de\/hno\/#website","url":"https:\/\/medizentrum-eckert.de\/hno\/","name":"HNO","description":"","potentialAction":[{"@type":"SearchAction","target":{"@type":"EntryPoint","urlTemplate":"https:\/\/medizentrum-eckert.de\/hno\/?s={search_term_string}"},"query-input":"required name=search_term_string"}],"inLanguage":"de"}]}},"_links":{"self":[{"href":"https:\/\/medizentrum-eckert.de\/hno\/wp-json\/wp\/v2\/pages\/9379"}],"collection":[{"href":"https:\/\/medizentrum-eckert.de\/hno\/wp-json\/wp\/v2\/pages"}],"about":[{"href":"https:\/\/medizentrum-eckert.de\/hno\/wp-json\/wp\/v2\/types\/page"}],"author":[{"embeddable":true,"href":"https:\/\/medizentrum-eckert.de\/hno\/wp-json\/wp\/v2\/users\/1"}],"replies":[{"embeddable":true,"href":"https:\/\/medizentrum-eckert.de\/hno\/wp-json\/wp\/v2\/comments?post=9379"}],"version-history":[{"count":5,"href":"https:\/\/medizentrum-eckert.de\/hno\/wp-json\/wp\/v2\/pages\/9379\/revisions"}],"predecessor-version":[{"id":9607,"href":"https:\/\/medizentrum-eckert.de\/hno\/wp-json\/wp\/v2\/pages\/9379\/revisions\/9607"}],"wp:attachment":[{"href":"https:\/\/medizentrum-eckert.de\/hno\/wp-json\/wp\/v2\/media?parent=9379"}],"curies":[{"name":"wp","href":"https:\/\/api.w.org\/{rel}","templated":true}]}}