{"id":5504,"date":"2017-11-29T15:24:35","date_gmt":"2017-11-29T14:24:35","guid":{"rendered":"https:\/\/augenzentrum-eckert.de\/?page_id=5504"},"modified":"2017-11-29T15:24:35","modified_gmt":"2017-11-29T14:24:35","slug":"optometrist","status":"publish","type":"page","link":"https:\/\/medizentrum-eckert.de\/hno\/optometrist\/","title":{"rendered":"Optometrist (m\/w)"},"content":{"rendered":"<p>[vc_row margin_bottom=&#8220;50&#8243; el_class=&#8220;tg-stellenausschreibung-wrapper&#8220;][vc_column width=&#8220;5\/12&#8243; offset=&#8220;vc_hidden-xs&#8220; el_class=&#8220;disable-on-mobile-2&#8243;][vc_single_image image=&#8220;5536&#8243; img_size=&#8220;full&#8220; css=&#8220;.vc_custom_1512060884391{margin-bottom: 20px !important;}&#8220;][vc_single_image image=&#8220;5432&#8243; img_size=&#8220;full&#8220;][\/vc_column][vc_column width=&#8220;7\/12&#8243;][vc_column_text css=&#8220;.vc_custom_1512575283213{margin-bottom: 20px !important;}&#8220;]<\/p>\n<h2>Optometrist (m\/w)<br \/>\nim Augenzentrum Eckert<\/h2>\n<p>[\/vc_column_text][vc_column_text el_class=&#8220;tg-text-dark&#8220; css=&#8220;.vc_custom_1513271037478{margin-bottom: 45px !important;}&#8220;]M\u00f6chten Sie in einem innovativen und harmonischen\u00a0Team mitarbeiten? Dann schicken Sie uns doch einfach eine Initiativbewerbung. Eine Stelle bei uns ist sowohl in Voll- als auch Teilzeit m\u00f6glich.[\/vc_column_text][vc_row_inner el_class=&#8220;disable-on-desktop-2&#8243;][vc_column_inner width=&#8220;1\/2&#8243; offset=&#8220;vc_col-xs-6&#8243;][vc_single_image image=&#8220;5536&#8243; img_size=&#8220;full&#8220; css=&#8220;.vc_custom_1513336495425{margin-bottom: 0px !important;}&#8220;][\/vc_column_inner][vc_column_inner width=&#8220;1\/2&#8243; offset=&#8220;vc_col-xs-6&#8243;][vc_single_image image=&#8220;5432&#8243; img_size=&#8220;full&#8220; css=&#8220;.vc_custom_1513336501310{margin-bottom: 0px !important;}&#8220;][\/vc_column_inner][\/vc_row_inner][vc_column_text css=&#8220;.vc_custom_1511431371832{margin-bottom: 10px !important;}&#8220;]<\/p>\n<h3>Ihre Aufgaben<\/h3>\n<p>[\/vc_column_text]<div class=\"uavc-list-icon uavc-list-icon-wrapper ult-adjust-bottom-margin   vc_custom_1511431540005  vc_custom_1511431540005\"><ul class=\"uavc-list\"><li><div class=\"uavc-list-content\" id=\"list-icon-wrap-4681\">\n<div class=\"uavc-list-icon  \" data-animation=\"\" data-animation-delay=\"03\" style=\"margin-right:10px;\"><div class=\"ult-just-icon-wrapper  \"><div class=\"align-icon\" style=\"text-align:center;\">\n<div class=\"aio-icon none \"  style=\"color:#006cb7;font-size:12px;display:inline-block;\">\n\t<i class=\"Defaults-chevron-right\"><\/i>\n<\/div><\/div><\/div>\n<\/div><span  data-ultimate-target='#list-icon-wrap-4681 .uavc-list-desc'  data-responsive-json-new='{\"font-size\":\"\",\"line-height\":\"\"}'  class=\"uavc-list-desc ult-responsive\" style=\"\">Fachkundige Patientenberatung inkl. Durchf\u00fchrung von Refraktions- und Korrektionsbestimmungen<\/span><\/div><\/li><li><div class=\"uavc-list-content\" id=\"list-icon-wrap-2720\">\n<div class=\"uavc-list-icon  \" data-animation=\"\" data-animation-delay=\"03\" style=\"margin-right:10px;\"><div class=\"ult-just-icon-wrapper  \"><div class=\"align-icon\" style=\"text-align:center;\">\n<div class=\"aio-icon none \"  style=\"color:#006cb7;font-size:12px;display:inline-block;\">\n\t<i class=\"Defaults-chevron-right\"><\/i>\n<\/div><\/div><\/div>\n<\/div><span  data-ultimate-target='#list-icon-wrap-2720 .uavc-list-desc'  data-responsive-json-new='{\"font-size\":\"\",\"line-height\":\"\"}'  class=\"uavc-list-desc ult-responsive\" style=\"\">Betreuung von Patienten mit Sehst\u00f6rungen inkl. Anpassung und Abgabe von Sehhilfen<\/span><\/div><\/li><li><div class=\"uavc-list-content\" id=\"list-icon-wrap-9664\">\n<div class=\"uavc-list-icon  \" data-animation=\"\" data-animation-delay=\"03\" style=\"margin-right:10px;\"><div class=\"ult-just-icon-wrapper  \"><div class=\"align-icon\" style=\"text-align:center;\">\n<div class=\"aio-icon none \"  style=\"color:#006cb7;font-size:12px;display:inline-block;\">\n\t<i class=\"Defaults-chevron-right\"><\/i>\n<\/div><\/div><\/div>\n<\/div><span  data-ultimate-target='#list-icon-wrap-9664 .uavc-list-desc'  data-responsive-json-new='{\"font-size\":\"\",\"line-height\":\"\"}'  class=\"uavc-list-desc ult-responsive\" style=\"\">Organisation, Dokumentation und Betreuung rund um das Thema Sehhilfen und Sehst\u00f6rung<\/span><\/div><\/li><li><div class=\"uavc-list-content\" id=\"list-icon-wrap-3742\">\n<div class=\"uavc-list-icon  \" data-animation=\"\" data-animation-delay=\"03\" style=\"margin-right:10px;\"><div class=\"ult-just-icon-wrapper  \"><div class=\"align-icon\" style=\"text-align:center;\">\n<div class=\"aio-icon none \"  style=\"color:#006cb7;font-size:12px;display:inline-block;\">\n\t<i class=\"Defaults-chevron-right\"><\/i>\n<\/div><\/div><\/div>\n<\/div><span  data-ultimate-target='#list-icon-wrap-3742 .uavc-list-desc'  data-responsive-json-new='{\"font-size\":\"\",\"line-height\":\"\"}'  class=\"uavc-list-desc ult-responsive\" style=\"\">Premiumlinsenberatung, Kontaktlinsenberatung und Kontaktlinsenanpassung<\/span><\/div><\/li><\/ul><\/div>[vc_column_text css=&#8220;.vc_custom_1511431533076{margin-bottom: 10px !important;}&#8220;]<\/p>\n<h3>Ihr Profil<\/h3>\n<p>[\/vc_column_text]<div class=\"uavc-list-icon uavc-list-icon-wrapper ult-adjust-bottom-margin   vc_custom_1511431980331  vc_custom_1511431980331\"><ul class=\"uavc-list\"><li><div class=\"uavc-list-content\" id=\"list-icon-wrap-6893\">\n<div class=\"uavc-list-icon  \" data-animation=\"\" data-animation-delay=\"03\" style=\"margin-right:10px;\"><div class=\"ult-just-icon-wrapper  \"><div class=\"align-icon\" style=\"text-align:center;\">\n<div class=\"aio-icon none \"  style=\"color:#006cb7;font-size:12px;display:inline-block;\">\n\t<i class=\"Defaults-chevron-right\"><\/i>\n<\/div><\/div><\/div>\n<\/div><span  data-ultimate-target='#list-icon-wrap-6893 .uavc-list-desc'  data-responsive-json-new='{\"font-size\":\"\",\"line-height\":\"\"}'  class=\"uavc-list-desc ult-responsive\" style=\"\">Erfolgreich abgeschlossene Berufsausbildung und\/ oder Studium im Bereich der Optometrie<\/span><\/div><\/li><li><div class=\"uavc-list-content\" id=\"list-icon-wrap-3428\">\n<div class=\"uavc-list-icon  \" data-animation=\"\" data-animation-delay=\"03\" style=\"margin-right:10px;\"><div class=\"ult-just-icon-wrapper  \"><div class=\"align-icon\" style=\"text-align:center;\">\n<div class=\"aio-icon none \"  style=\"color:#006cb7;font-size:12px;display:inline-block;\">\n\t<i class=\"Defaults-chevron-right\"><\/i>\n<\/div><\/div><\/div>\n<\/div><span  data-ultimate-target='#list-icon-wrap-3428 .uavc-list-desc'  data-responsive-json-new='{\"font-size\":\"\",\"line-height\":\"\"}'  class=\"uavc-list-desc ult-responsive\" style=\"\">Organisationstalent gepaart mit freundlichem Auftreten<\/span><\/div><\/li><li><div class=\"uavc-list-content\" id=\"list-icon-wrap-7741\">\n<div class=\"uavc-list-icon  \" data-animation=\"\" data-animation-delay=\"03\" style=\"margin-right:10px;\"><div class=\"ult-just-icon-wrapper  \"><div class=\"align-icon\" style=\"text-align:center;\">\n<div class=\"aio-icon none \"  style=\"color:#006cb7;font-size:12px;display:inline-block;\">\n\t<i class=\"Defaults-chevron-right\"><\/i>\n<\/div><\/div><\/div>\n<\/div><span  data-ultimate-target='#list-icon-wrap-7741 .uavc-list-desc'  data-responsive-json-new='{\"font-size\":\"\",\"line-height\":\"\"}'  class=\"uavc-list-desc ult-responsive\" style=\"\">Kenntnisse der g\u00e4ngigen PC-Programme<\/span><\/div><\/li><li><div class=\"uavc-list-content\" id=\"list-icon-wrap-6456\">\n<div class=\"uavc-list-icon  \" data-animation=\"\" data-animation-delay=\"03\" style=\"margin-right:10px;\"><div class=\"ult-just-icon-wrapper  \"><div class=\"align-icon\" style=\"text-align:center;\">\n<div class=\"aio-icon none \"  style=\"color:#006cb7;font-size:12px;display:inline-block;\">\n\t<i class=\"Defaults-chevron-right\"><\/i>\n<\/div><\/div><\/div>\n<\/div><span  data-ultimate-target='#list-icon-wrap-6456 .uavc-list-desc'  data-responsive-json-new='{\"font-size\":\"\",\"line-height\":\"\"}'  class=\"uavc-list-desc ult-responsive\" style=\"\">Freude am Umgang mit Patienten<\/span><\/div><\/li><\/ul><\/div>[\/vc_column][\/vc_row][vc_row type=&#8220;vc_default&#8220; full_width=&#8220;stretch_row_content&#8220; equal_height=&#8220;yes&#8220; content_placement=&#8220;middle&#8220; bg_type=&#8220;grad&#8220; bg_override=&#8220;full&#8220; bg_grad=&#8220;background: -webkit-gradient(linear, left top, left bottom, color-stop(0%, #0075C9), color-stop(100%, #005D9F));background: -moz-linear-gradient(left,#0075C9 0%,#005D9F 100%);background: -webkit-linear-gradient(left,#0075C9 0%,#005D9F 100%);background: -o-linear-gradient(left,#0075C9 0%,#005D9F 100%);background: -ms-linear-gradient(left,#0075C9 0%,#005D9F 100%);background: linear-gradient(left,#0075C9 0%,#005D9F 100%);&#8220; el_class=&#8220;wrapper-cta wrapper-cta-karriere&#8220; css=&#8220;.vc_custom_1511901607825{margin-bottom: 50px !important;}&#8220;][vc_column width=&#8220;1\/3&#8243; css=&#8220;.vc_custom_1511901559071{background-image: url(https:\/\/augenzentrum-eckert.de\/wp-content\/uploads\/2017\/11\/image_cta_3-2.jpg?id=5492) !important;}&#8220; el_class=&#8220;cta-left&#8220; offset=&#8220;vc_hidden-sm vc_hidden-xs&#8220;][vc_empty_space height=&#8220;140&#8243;][\/vc_column][vc_column el_class=&#8220;cta-right&#8220; offset=&#8220;vc_col-md-8&#8243;][vc_row_inner][vc_column_inner width=&#8220;1\/2&#8243;][vc_column_text css=&#8220;.vc_custom_1511433958314{margin-bottom: 10px !important;}&#8220;]<span class=\"CTA-Headline\">Haben wir Ihr Interesse geweckt?<\/span>[\/vc_column_text][vc_column_text]<span class=\"CTA-subline\">Dann werden Sie Teil unseres Teams!<\/span>[\/vc_column_text][\/vc_column_inner][vc_column_inner width=&#8220;1\/2&#8243;][vc_btn title=&#8220;jetzt bewerben&#8220; style=&#8220;flat&#8220; shape=&#8220;round&#8220; color=&#8220;white&#8220; align=&#8220;left&#8220; el_id=&#8220;CTA_3&#8243; link=&#8220;url:%23!%2Fkontakt|title:Kontakt%20aufnehmen||&#8220; smooth_scroll=&#8220;true&#8220;][\/vc_column_inner][\/vc_row_inner][\/vc_column][\/vc_row][vc_row][vc_column][vc_column_text el_class=&#8220;text-center&#8220;]<\/p>\n<h2>Ihr Karriereweg im Augenzentrum Eckert<\/h2>\n<p>[\/vc_column_text][\/vc_column][\/vc_row][vc_row margin_bottom=&#8220;15&#8243; css=&#8220;.vc_custom_1511434244237{margin-bottom: 50px !important;}&#8220;][vc_column width=&#8220;5\/12&#8243;][vc_raw_html]JTNDZGl2JTIwc3R5bGUlM0QlMjJwb3NpdGlvbiUzQSUyMHJlbGF0aXZlJTNCJTA5cGFkZGluZy1ib3R0b20lM0ElMjA1Mi4xNSUyNSUzQiUyMHBhZGRpbmctdG9wJTNBJTIwMjVweCUzQiUyMGhlaWdodCUzQSUyMDAlM0IlMjIlM0UlMEElMjAlMjAlMjAlMjAlM0NpZnJhbWUlMjBzdHlsZSUzRCUyMnBvc2l0aW9uJTNBJTIwYWJzb2x1dGUlM0IlMjB0b3AlM0ElMjAwJTNCJTIwbGVmdCUzQSUyMDAlM0IlMjB3aWR0aCUzQSUyMDEwMCUyNSUzQiUyMGhlaWdodCUzQSUyMDEwMCUyNSUzQiUyMiUyMHdpZHRoJTNEJTIyNTk5JTIyJTIwaGVpZ2h0JTNEJTIyMzgwJTIyJTIwc3JjJTNEJTIyaHR0cHMlM0ElMkYlMkZ3d3cueW91dHViZS5jb20lMkZlbWJlZCUyRl9BSDRQb2E5M01ZJTNGc2hvd2luZm8lM0QwJTI2YW1wJTNCcmVsJTNEMCUyMiUyMGZyYW1lYm9yZGVyJTNEJTIyMCUyMiUyMGFsbG93ZnVsbHNjcmVlbiUzRSUzQyUyRmlmcmFtZSUzRSUwQSUzQyUyRmRpdiUzRQ==[\/vc_raw_html][\/vc_column][vc_column width=&#8220;7\/12&#8243;][vc_column_text css=&#8220;.vc_custom_1511432119642{margin-bottom: 20px !important;}&#8220;]<\/p>\n<h3>Ein innovativer Arbeitgeber<\/h3>\n<p>[\/vc_column_text][vc_column_text]Das Augenzentrum Eckert zeichnet sich seit \u00fcber 35 Jahren als moderne Familienpraxis aus, welche gr\u00f6\u00dften Wert auf fachliche Kompetenz und eine bestm\u00f6gliche Patientenpflege legt. Durch die hohe Professionalit\u00e4t und pr\u00e4zise Arbeitsweise unserer Mitarbeiter garantieren wir unseren Kunden eine sichere und angenehme Behandlungsmethode dank hochmoderner Technik. Mit mittlerweile 20 Standorten z\u00e4hlt das Augenzentrum Eckert zu den innovativsten Unternehmen in Deutschland, repr\u00e4sentiert durch den TOP 100 Innovator Preis.[\/vc_column_text][\/vc_column][\/vc_row][vc_row margin_bottom=&#8220;15&#8243; css=&#8220;.vc_custom_1511434235366{margin-bottom: 50px !important;}&#8220;][vc_column width=&#8220;5\/12&#8243;][vc_column_text css=&#8220;.vc_custom_1511432515599{margin-bottom: 20px !important;}&#8220;]<\/p>\n<h3>Attraktive Mitarbeitervorteile<\/h3>\n<p>[\/vc_column_text][vc_column_text]Es erwartet Sie ein famili\u00e4res, engagiertes Team in einem attraktiven Arbeitsumfeld, sowie eine \u00fcberdurchschnittliche Bezahlung. Wir bieten Ihnen des Weiteren Arbeitszeiten, die zu Ihrem Leben passen! So unterst\u00fctzen wir Ihre Work-Life-Balance. Profitieren Sie au\u00dferdem von dem breiten Fortbildungsangebot, sowie attraktiven Aufstiegsm\u00f6glichkeiten.[\/vc_column_text][\/vc_column][vc_column width=&#8220;7\/12&#8243;][vc_row_inner][vc_column_inner width=&#8220;1\/2&#8243; offset=&#8220;vc_col-xs-6&#8243;][vc_single_image image=&#8220;5446&#8243; img_size=&#8220;full&#8220;][\/vc_column_inner][vc_column_inner width=&#8220;1\/2&#8243; offset=&#8220;vc_col-xs-6&#8243;][vc_single_image image=&#8220;5445&#8243; img_size=&#8220;full&#8220;][\/vc_column_inner][\/vc_row_inner][\/vc_column][\/vc_row][vc_row margin_bottom=&#8220;50&#8243; css=&#8220;.vc_custom_1511434165785{margin-bottom: 50px !important;}&#8220; anchor=&#8220;kontakt&#8220;][vc_column][vc_separator css=&#8220;.vc_custom_1511432954325{margin-bottom: 0px !important;}&#8220;][\/vc_column][\/vc_row][vc_row][vc_column el_class=&#8220;disable-on-desktop&#8220;][vc_column_text el_class=&#8220;tg-text-dark&#8220; css=&#8220;.vc_custom_1511433461109{margin-bottom: 20px !important;}&#8220;]<\/p>\n<h2>Ich freue mich, von Ihnen zu h\u00f6ren!<\/h2>\n<p>[\/vc_column_text][\/vc_column][\/vc_row][vc_row el_class=&#8220;tg-ansprechpartner-wrapper&#8220;][vc_column width=&#8220;4\/12&#8243;][vc_single_image image=&#8220;5356&#8243; img_size=&#8220;full&#8220; css=&#8220;.vc_custom_1511433716950{margin-bottom: 15px !important;}&#8220;][vc_column_text]<span class=\"ansprechpartner-name\">Annette Mannes<\/span><br \/>\n<span class=\"ansprechpartner-position\">Standortleitung<\/span>[\/vc_column_text][\/vc_column][vc_column width=&#8220;8\/12&#8243;][vc_column_text el_class=&#8220;tg-text-dark disable-on-mobile&#8220; css=&#8220;.vc_custom_1511434027783{margin-bottom: 20px !important;}&#8220;]<\/p>\n<h2>Ich freue mich, von Ihnen zu h\u00f6ren!<\/h2>\n<p>[\/vc_column_text][vc_column_text el_class=&#8220;tg-text-dark&#8220; css=&#8220;.vc_custom_1511433465946{margin-bottom: 20px !important;}&#8220;]Senden Sie Ihre Bewerbungsunterlagen per Post oder E-Mail an:[\/vc_column_text][vc_column_text css=&#8220;.vc_custom_1512061817831{margin-bottom: 20px !important;}&#8220;]<strong class=\"tg-text-dark\">Postanschrift<\/strong><br \/>\nAugenzentrum Eckert<br \/>\nz. Hd. Frau Annette Mannes<br \/>\nInsel 2, 89231 Neu-Ulm[\/vc_column_text][vc_column_text]<span class=\"ansprechpartner-telefon\"><a href=\"tel:+4973126207010\" class=\"tg-custom-phone-number\" rel=\"nofollow\">0731 \/ 26 20 70 10<\/a><\/span><br \/>\n<span class=\"ansprechpartner-email\"><a href=\"mailto:bewerbung@augenzentrum-eckert.de\">bewerbung@augenzentrum-eckert.de<\/a><\/span>[\/vc_column_text][\/vc_column][\/vc_row]<\/p>\n","protected":false},"excerpt":{"rendered":"<p>[vc_row margin_bottom=&#8220;50&#8243; el_class=&#8220;tg-stellenausschreibung-wrapper&#8220;][vc_column width=&#8220;5\/12&#8243; offset=&#8220;vc_hidden-xs&#8220; el_class=&#8220;disable-on-mobile-2&#8243;][vc_single_image image=&#8220;5536&#8243; img_size=&#8220;full&#8220; css=&#8220;.vc_custom_1512060884391{margin-bottom: 20px !important;}&#8220;][vc_single_image image=&#8220;5432&#8243; img_size=&#8220;full&#8220;][\/vc_column][vc_column width=&#8220;7\/12&#8243;][vc_column_text css=&#8220;.vc_custom_1512575283213{margin-bottom: 20px !important;}&#8220;] Optometrist (m\/w) im Augenzentrum Eckert [\/vc_column_text][vc_column_text el_class=&#8220;tg-text-dark&#8220; css=&#8220;.vc_custom_1513271037478{margin-bottom: 45px !important;}&#8220;]M\u00f6chten Sie in einem innovativen und harmonischen\u00a0Team mitarbeiten? Dann schicken Sie uns doch einfach eine Initiativbewerbung. Eine Stelle bei uns ist sowohl in Voll- als auch Teilzeit m\u00f6glich.[\/vc_column_text][vc_row_inner el_class=&#8220;disable-on-desktop-2&#8243;][vc_column_inner&hellip;<\/p>\n","protected":false},"author":1,"featured_media":0,"parent":0,"menu_order":0,"comment_status":"closed","ping_status":"closed","template":"","meta":[],"yoast_head":"<!-- This site is optimized with the Yoast SEO plugin v20.2.1 - https:\/\/yoast.com\/wordpress\/plugins\/seo\/ -->\n<title>Optometrist (m\/w) im Augenzentrum Eckert - Jetzt bewerben!<\/title>\n<meta name=\"description\" content=\"Ein Arbeitgeber mit Zukunft: Werden Sie Teil unseres Teams und profitieren Sie von unseren attraktiven Mitarbeitervorteilen.\" \/>\n<meta name=\"robots\" content=\"index, follow, max-snippet:-1, max-image-preview:large, max-video-preview:-1\" \/>\n<link rel=\"canonical\" href=\"https:\/\/medizentrum-eckert.de\/hno\/optometrist\/\" \/>\n<meta property=\"og:locale\" content=\"de_DE\" \/>\n<meta property=\"og:type\" content=\"article\" \/>\n<meta property=\"og:title\" content=\"Optometrist (m\/w) im Augenzentrum Eckert - Jetzt bewerben!\" \/>\n<meta property=\"og:description\" content=\"Ein Arbeitgeber mit Zukunft: Werden Sie Teil unseres Teams und profitieren Sie von unseren attraktiven Mitarbeitervorteilen.\" \/>\n<meta property=\"og:url\" content=\"https:\/\/medizentrum-eckert.de\/hno\/optometrist\/\" \/>\n<meta property=\"og:site_name\" content=\"HNO\" \/>\n<meta name=\"twitter:card\" content=\"summary_large_image\" \/>\n<meta name=\"twitter:label1\" content=\"Gesch\u00e4tzte Lesezeit\" \/>\n\t<meta name=\"twitter:data1\" content=\"5\u00a0Minuten\" \/>\n<script type=\"application\/ld+json\" class=\"yoast-schema-graph\">{\"@context\":\"https:\/\/schema.org\",\"@graph\":[{\"@type\":\"WebPage\",\"@id\":\"https:\/\/medizentrum-eckert.de\/hno\/optometrist\/\",\"url\":\"https:\/\/medizentrum-eckert.de\/hno\/optometrist\/\",\"name\":\"Optometrist (m\/w) im Augenzentrum Eckert - Jetzt bewerben!\",\"isPartOf\":{\"@id\":\"https:\/\/medizentrum-eckert.de\/hno\/#website\"},\"datePublished\":\"2017-11-29T14:24:35+00:00\",\"dateModified\":\"2017-11-29T14:24:35+00:00\",\"description\":\"Ein Arbeitgeber mit Zukunft: Werden Sie Teil unseres Teams und profitieren Sie von unseren attraktiven Mitarbeitervorteilen.\",\"breadcrumb\":{\"@id\":\"https:\/\/medizentrum-eckert.de\/hno\/optometrist\/#breadcrumb\"},\"inLanguage\":\"de\",\"potentialAction\":[{\"@type\":\"ReadAction\",\"target\":[\"https:\/\/medizentrum-eckert.de\/hno\/optometrist\/\"]}]},{\"@type\":\"BreadcrumbList\",\"@id\":\"https:\/\/medizentrum-eckert.de\/hno\/optometrist\/#breadcrumb\",\"itemListElement\":[{\"@type\":\"ListItem\",\"position\":1,\"name\":\"Startseite\",\"item\":\"https:\/\/medizentrum-eckert.de\/hno\/\"},{\"@type\":\"ListItem\",\"position\":2,\"name\":\"Optometrist (m\/w)\"}]},{\"@type\":\"WebSite\",\"@id\":\"https:\/\/medizentrum-eckert.de\/hno\/#website\",\"url\":\"https:\/\/medizentrum-eckert.de\/hno\/\",\"name\":\"HNO\",\"description\":\"\",\"potentialAction\":[{\"@type\":\"SearchAction\",\"target\":{\"@type\":\"EntryPoint\",\"urlTemplate\":\"https:\/\/medizentrum-eckert.de\/hno\/?s={search_term_string}\"},\"query-input\":\"required name=search_term_string\"}],\"inLanguage\":\"de\"}]}<\/script>\n<!-- \/ Yoast SEO plugin. -->","yoast_head_json":{"title":"Optometrist (m\/w) im Augenzentrum Eckert - Jetzt bewerben!","description":"Ein Arbeitgeber mit Zukunft: Werden Sie Teil unseres Teams und profitieren Sie von unseren attraktiven Mitarbeitervorteilen.","robots":{"index":"index","follow":"follow","max-snippet":"max-snippet:-1","max-image-preview":"max-image-preview:large","max-video-preview":"max-video-preview:-1"},"canonical":"https:\/\/medizentrum-eckert.de\/hno\/optometrist\/","og_locale":"de_DE","og_type":"article","og_title":"Optometrist (m\/w) im Augenzentrum Eckert - Jetzt bewerben!","og_description":"Ein Arbeitgeber mit Zukunft: Werden Sie Teil unseres Teams und profitieren Sie von unseren attraktiven Mitarbeitervorteilen.","og_url":"https:\/\/medizentrum-eckert.de\/hno\/optometrist\/","og_site_name":"HNO","twitter_card":"summary_large_image","twitter_misc":{"Gesch\u00e4tzte Lesezeit":"5\u00a0Minuten"},"schema":{"@context":"https:\/\/schema.org","@graph":[{"@type":"WebPage","@id":"https:\/\/medizentrum-eckert.de\/hno\/optometrist\/","url":"https:\/\/medizentrum-eckert.de\/hno\/optometrist\/","name":"Optometrist (m\/w) im Augenzentrum Eckert - Jetzt bewerben!","isPartOf":{"@id":"https:\/\/medizentrum-eckert.de\/hno\/#website"},"datePublished":"2017-11-29T14:24:35+00:00","dateModified":"2017-11-29T14:24:35+00:00","description":"Ein Arbeitgeber mit Zukunft: Werden Sie Teil unseres Teams und profitieren Sie von unseren attraktiven Mitarbeitervorteilen.","breadcrumb":{"@id":"https:\/\/medizentrum-eckert.de\/hno\/optometrist\/#breadcrumb"},"inLanguage":"de","potentialAction":[{"@type":"ReadAction","target":["https:\/\/medizentrum-eckert.de\/hno\/optometrist\/"]}]},{"@type":"BreadcrumbList","@id":"https:\/\/medizentrum-eckert.de\/hno\/optometrist\/#breadcrumb","itemListElement":[{"@type":"ListItem","position":1,"name":"Startseite","item":"https:\/\/medizentrum-eckert.de\/hno\/"},{"@type":"ListItem","position":2,"name":"Optometrist (m\/w)"}]},{"@type":"WebSite","@id":"https:\/\/medizentrum-eckert.de\/hno\/#website","url":"https:\/\/medizentrum-eckert.de\/hno\/","name":"HNO","description":"","potentialAction":[{"@type":"SearchAction","target":{"@type":"EntryPoint","urlTemplate":"https:\/\/medizentrum-eckert.de\/hno\/?s={search_term_string}"},"query-input":"required name=search_term_string"}],"inLanguage":"de"}]}},"_links":{"self":[{"href":"https:\/\/medizentrum-eckert.de\/hno\/wp-json\/wp\/v2\/pages\/5504"}],"collection":[{"href":"https:\/\/medizentrum-eckert.de\/hno\/wp-json\/wp\/v2\/pages"}],"about":[{"href":"https:\/\/medizentrum-eckert.de\/hno\/wp-json\/wp\/v2\/types\/page"}],"author":[{"embeddable":true,"href":"https:\/\/medizentrum-eckert.de\/hno\/wp-json\/wp\/v2\/users\/1"}],"replies":[{"embeddable":true,"href":"https:\/\/medizentrum-eckert.de\/hno\/wp-json\/wp\/v2\/comments?post=5504"}],"version-history":[{"count":0,"href":"https:\/\/medizentrum-eckert.de\/hno\/wp-json\/wp\/v2\/pages\/5504\/revisions"}],"wp:attachment":[{"href":"https:\/\/medizentrum-eckert.de\/hno\/wp-json\/wp\/v2\/media?parent=5504"}],"curies":[{"name":"wp","href":"https:\/\/api.w.org\/{rel}","templated":true}]}}